{"id":72,"date":"2011-07-09T20:42:29","date_gmt":"2011-07-09T20:42:29","guid":{"rendered":"http:\/\/www.agenciaterra.com\/clientes\/ldv\/?page_id=72"},"modified":"2022-05-21T17:46:31","modified_gmt":"2022-05-21T17:46:31","slug":"seringueiro-do-exercito-da-borracha","status":"publish","type":"page","link":"https:\/\/www.cdiluzdovegetal.com.br\/?page_id=72","title":{"rendered":"Seringueiro"},"content":{"rendered":"<p><a href=\"https:\/\/www.cdiluzdovegetal.com.br\/wp-content\/uploads\/2011\/07\/images-1.jpeg\"><img loading=\"lazy\" decoding=\"async\" class=\"alignleft wp-image-935 \" src=\"https:\/\/www.cdiluzdovegetal.com.br\/wp-content\/uploads\/2011\/07\/images-1-300x160.jpeg\" alt=\"images (1)\" width=\"401\" height=\"214\" srcset=\"https:\/\/www.cdiluzdovegetal.com.br\/wp-content\/uploads\/2011\/07\/images-1-300x160.jpeg 300w, https:\/\/www.cdiluzdovegetal.com.br\/wp-content\/uploads\/2011\/07\/images-1.jpeg 307w\" sizes=\"auto, (max-width: 401px) 100vw, 401px\" \/><\/a><\/p>\n<p style=\"text-align: justify;\">Chegando no Territ\u00f3rio de Guapor\u00e9, atual Estado de Rond\u00f4nia, Jos\u00e9 Gabriel se insere num ambiente com uma configura\u00e7\u00e3o ecol\u00f3gica e s\u00f3cio-cultural bem distinta da Cidade de Salvador. O extrativismo da borracha, depois de seu per\u00edodo de boom, entre 1890 e 1912, havia em seguida atravessado uma fase de decl\u00ednio, devido \u00e0 concorr\u00eancia no mercado internacional da borracha extra\u00edda na \u00c1sia.<\/p>\n<p style=\"text-align: justify;\">Com a Segunda Guerra Mundial, apresentou-se a necessidade de borracha para os ex\u00e9rcitos Aliados. Com a assinatura de acordos com os Estados Unidos, o Governo Vargas iniciou uma ampla campanha de recrutamento de trabalhadores, principalmente nordestinos, para a extra\u00e7\u00e3o gom\u00edfera no Norte. Foi criado o SEMTA, Servi\u00e7o Especial de Mobiliza\u00e7\u00e3o de Trabalhadores para a Amaz\u00f4nia, que, somente no ano de 1943, encaminhou 13 mil pessoas, segundo dados oficiais.<\/p>\n<p style=\"text-align: justify;\">No mesmo ano de 1943, Jos\u00e9 Gabriel integra essa massa de trabalhadores nordestinos que se lan\u00e7am como &#8220;brabos&#8221; nos seringais amaz\u00f4nicos. &#8220;Brabo \u00e9 gente que nunca cortou seringa, nunca andou na floresta. Sofremos muito, como brabo&#8221; &#8211; declara Pequenina, esposa de Jos\u00e9 Gabriel.<\/p>\n<p style=\"text-align: justify;\">O sofrimento daqueles homens, submetidos a condi\u00e7\u00f5es de vida e trabalho extremamente penosas, em um ambiente desconhecido, sem o aux\u00edlio governamental prometido pela propaganda oficial, ficou bem marcado na mem\u00f3ria dos sobreviventes da &#8220;batalha da borracha&#8221;.<\/p>\n<p style=\"text-align: justify;\">A antrop\u00f3loga L\u00facia Arrais, que est\u00e1 elaborando sua tese de doutorado a respeito dos soldados da borracha, recolheu o seguinte depoimento, de um Sr. Chico, exsoldado da borracha, que bem se assemelha ao da esposa de Jos\u00e9 Gabriel: &#8220;&#8230;. a casa dele era bem pequenininha num tinha onde a gente dormir. Dormimo no teto mermo. Carapan\u00e3! Carapan\u00e3, L\u00facia! e agora, a comida? Tudo brabo, tudo&#8230; a gente j\u00e1 tinha deixado a Companhia [SEMTA] j\u00e1&#8230; A\u00ed fiquemo a\u00ed sofrendo.. fiquemo jogado que nem cachorro na beira do rio&#8230; [Qual?] era o Solim\u00f5es acima de Tef\u00e9. A\u00ed eu disse: \u2018ombora pessoal! vamo meu povo!, bora cuidar!, bora se virar\u2019.&#8221;<\/p>\n<p style=\"text-align: justify;\">Arrais observa que aqueles que conseguiram sobreviver a condi\u00e7\u00f5es t\u00e3o adversas foram homens de significativa intelig\u00eancia e iniciativa, que conseguiram adaptar seus esquemas de percep\u00e7\u00e3o e recursos cognitivos \u00e0 nova realidade em que se encontravam: &#8220;Numa atitude de quem vive em estado de autodefesa permanente, o Sr. Chico diz: \u2018ombora pessoal! bora se virar!\u2019. E ent\u00e3o escolhem uma linha de a\u00e7\u00e3o onde predomina a iniciativa e a coragem. Onde prevalece a concentra\u00e7\u00e3o dos recursos da percep\u00e7\u00e3o, da mem\u00f3ria e da aten\u00e7\u00e3o para dirigir esfor\u00e7os na descoberta de meios capazes de resolver a quest\u00e3o.&#8221;<\/p>\n<p style=\"text-align: justify;\">Jos\u00e9 Gabriel foi um desses homens de aguda intelig\u00eancia e destreza, que n\u00e3o somente conseguiu sobreviver como chegou a ser considerado pelos seus companheiros como o &#8220;Tux\u00e1ua&#8221;, o seringueiro que coletava maior quantidade de seringa na regi\u00e3o. Tais \u00eaxitos eram acompanhados de dureza e sofrimento, como quando Jos\u00e9 Gabriel pisou em uma arraia, e teve de passar &#8220;um ano e dez meses sem poder andar, de muleta&#8221;.<\/p>\n<p style=\"text-align: justify;\"><a title=\"O Sult\u00e3o das matas\" href=\"https:\/\/www.cdiluzdovegetal.com.br\/?page_id=79\">Pr\u00f3xima p\u00e1gina -&gt;<\/a><\/p>\n","protected":false},"excerpt":{"rendered":"<p>Chegando no Territ\u00f3rio de Guapor\u00e9, atual Estado de Rond\u00f4nia, Jos\u00e9 Gabriel se insere num ambiente com uma configura\u00e7\u00e3o ecol\u00f3gica e s\u00f3cio-cultural bem [&hellip;]<\/p>\n","protected":false},"author":1,"featured_media":0,"parent":58,"menu_order":0,"comment_status":"open","ping_status":"open","template":"page-templates\/page_fullwidth.php","meta":{"footnotes":""},"class_list":["post-72","page","type-page","status-publish","hentry"],"_links":{"self":[{"href":"https:\/\/www.cdiluzdovegetal.com.br\/index.php?rest_route=\/wp\/v2\/pages\/72","targetHints":{"allow":["GET"]}}],"collection":[{"href":"https:\/\/www.cdiluzdovegetal.com.br\/index.php?rest_route=\/wp\/v2\/pages"}],"about":[{"href":"https:\/\/www.cdiluzdovegetal.com.br\/index.php?rest_route=\/wp\/v2\/types\/page"}],"author":[{"embeddable":true,"href":"https:\/\/www.cdiluzdovegetal.com.br\/index.php?rest_route=\/wp\/v2\/users\/1"}],"replies":[{"embeddable":true,"href":"https:\/\/www.cdiluzdovegetal.com.br\/index.php?rest_route=%2Fwp%2Fv2%2Fcomments&post=72"}],"version-history":[{"count":4,"href":"https:\/\/www.cdiluzdovegetal.com.br\/index.php?rest_route=\/wp\/v2\/pages\/72\/revisions"}],"predecessor-version":[{"id":1722,"href":"https:\/\/www.cdiluzdovegetal.com.br\/index.php?rest_route=\/wp\/v2\/pages\/72\/revisions\/1722"}],"up":[{"embeddable":true,"href":"https:\/\/www.cdiluzdovegetal.com.br\/index.php?rest_route=\/wp\/v2\/pages\/58"}],"wp:attachment":[{"href":"https:\/\/www.cdiluzdovegetal.com.br\/index.php?rest_route=%2Fwp%2Fv2%2Fmedia&parent=72"}],"curies":[{"name":"wp","href":"https:\/\/api.w.org\/{rel}","templated":true}]}}