{"id":83,"date":"2011-07-09T20:57:29","date_gmt":"2011-07-09T20:57:29","guid":{"rendered":"http:\/\/www.agenciaterra.com\/clientes\/ldv\/?page_id=83"},"modified":"2022-05-21T17:54:29","modified_gmt":"2022-05-21T17:54:29","slug":"o-mestre-e-autor-da-uniao-do-vegetal","status":"publish","type":"page","link":"https:\/\/www.cdiluzdovegetal.com.br\/?page_id=83","title":{"rendered":"O Mestre"},"content":{"rendered":"<p><a href=\"https:\/\/www.cdiluzdovegetal.com.br\/wp-content\/uploads\/2011\/07\/mestre-Gabriel.jpg\"><img loading=\"lazy\" decoding=\"async\" class=\"wp-image-890 alignleft\" src=\"https:\/\/www.cdiluzdovegetal.com.br\/wp-content\/uploads\/2011\/07\/mestre-Gabriel-300x239.jpg\" alt=\"\" width=\"351\" height=\"280\" srcset=\"https:\/\/www.cdiluzdovegetal.com.br\/wp-content\/uploads\/2011\/07\/mestre-Gabriel-300x239.jpg 300w, https:\/\/www.cdiluzdovegetal.com.br\/wp-content\/uploads\/2011\/07\/mestre-Gabriel.jpg 365w\" sizes=\"auto, (max-width: 351px) 100vw, 351px\" \/><\/a>Jos\u00e9 Gabriel bebe apenas tr\u00eas vezes o ch\u00e1 com Chico Louren\u00e7o. Logo depois, viaja por um m\u00eas para levar um filho doente a Vila Pl\u00e1cido, no Acre, e quando retorna traz um balde com o cip\u00f3 mariri e a folhas de chacrona que colheu no caminho. Diz \u00e0 mulher: &#8220;Sou Mestre, Pequenina, e vou preparar o mariri&#8221;.<\/p>\n<p style=\"text-align: justify;\">Segundo seu filho Jair, &#8220;nesse per\u00edodo o Mestre Gabriel n\u00e3o deixou a macumba n\u00e3o. Ele fazia uma Sess\u00e3o de Vegetal e uma de umbanda.&#8221; Somente em 1961 ele reuniu as pessoas e disse: &#8220;Eu quero falar pra voc\u00eas que tudo que o Sult\u00e3o das Matas fez eu sei: Sult\u00e3o das Matas sou eu.&#8221; Este \u00e9 um dos momentos mais importantes de ruptura de Jos\u00e9 Gabriel com a tradi\u00e7\u00e3o religiosa \u00e0 qual estava ligado anteriormente.<\/p>\n<p style=\"text-align: justify;\">Ao postular para si mesmo o poder antes atribu\u00eddo \u00e0 entidade Sult\u00e3o das Matas, o agora Mestre Gabriel nega a incorpora\u00e7\u00e3o dos cultos de caboclo e configura o transe que ser\u00e1 t\u00edpico da Uni\u00e3o do Vegetal: a burracheira. A burracheira, que segundo Mestre Gabriel significa &#8220;for\u00e7a estranha&#8221;, \u00e9 a presen\u00e7a da for\u00e7a e da luz do Vegetal na consci\u00eancia daquele que bebeu o ch\u00e1. Assim, trata-se de um transe diverso, no qual n\u00e3o h\u00e1 perda da consci\u00eancia, mas sim ilumina\u00e7\u00e3o e percep\u00e7\u00e3o de uma for\u00e7a desconhecida. H\u00e1 uma potencializa\u00e7\u00e3o dos sentimentos, das percep\u00e7\u00f5es e da consci\u00eancia do indiv\u00edduo.<\/p>\n<p style=\"text-align: justify;\">Em seguida, Mestre Gabriel e sua fam\u00edlia se mudam para o seringal Sunta. No dia 22 de julho de 1961, ele re\u00fane as pessoas para um preparo de Vegetal. Nesse dia, o Mestre Gabriel declara criada a Uni\u00e3o do Vegetal. Ou melhor, afirma que a UDV foi recriada, j\u00e1 que ela teria existido no passado, quando ele mesmo teria vivido em outra encarna\u00e7\u00e3o.<\/p>\n<p style=\"text-align: justify;\">No dia 6 de janeiro do ano seguinte, Mestre Gabriel se re\u00fane com doze Mestres da Curiosidade no Acre, em Vila Pl\u00e1cido. Numa sess\u00e3o, eles reconhecem Gabriel como o Mestre Superior. Finalmente, no dia 1\u00b0 de novembro de 1964 \u00e9 realizada uma sess\u00e3o na qual o Mestre Gabriel afirma que fez a Confirma\u00e7\u00e3o da Uni\u00e3o do Vegetal no Astral Superior. Logo depois, em 1965, ele se muda para Porto Velho, para l\u00e1 consolidar a nascente institui\u00e7\u00e3o. Apenas seis anos depois, se deu o falecimento de Jos\u00e9 Gabriel da Costa, no dia 24 de setembro de 1971.<\/p>\n<p style=\"text-align: justify;\"><a title=\"Conclus\u00e3o\" href=\"https:\/\/www.cdiluzdovegetal.com.br\/?page_id=86\">Pr\u00f3xima p\u00e1gina -&gt;<\/a><\/p>\n","protected":false},"excerpt":{"rendered":"<p>Jos\u00e9 Gabriel bebe apenas tr\u00eas vezes o ch\u00e1 com Chico Louren\u00e7o. Logo depois, viaja por um m\u00eas para levar um filho doente [&hellip;]<\/p>\n","protected":false},"author":1,"featured_media":0,"parent":58,"menu_order":0,"comment_status":"open","ping_status":"open","template":"page-templates\/page_fullwidth.php","meta":{"footnotes":""},"class_list":["post-83","page","type-page","status-publish","hentry"],"_links":{"self":[{"href":"https:\/\/www.cdiluzdovegetal.com.br\/index.php?rest_route=\/wp\/v2\/pages\/83","targetHints":{"allow":["GET"]}}],"collection":[{"href":"https:\/\/www.cdiluzdovegetal.com.br\/index.php?rest_route=\/wp\/v2\/pages"}],"about":[{"href":"https:\/\/www.cdiluzdovegetal.com.br\/index.php?rest_route=\/wp\/v2\/types\/page"}],"author":[{"embeddable":true,"href":"https:\/\/www.cdiluzdovegetal.com.br\/index.php?rest_route=\/wp\/v2\/users\/1"}],"replies":[{"embeddable":true,"href":"https:\/\/www.cdiluzdovegetal.com.br\/index.php?rest_route=%2Fwp%2Fv2%2Fcomments&post=83"}],"version-history":[{"count":5,"href":"https:\/\/www.cdiluzdovegetal.com.br\/index.php?rest_route=\/wp\/v2\/pages\/83\/revisions"}],"predecessor-version":[{"id":1727,"href":"https:\/\/www.cdiluzdovegetal.com.br\/index.php?rest_route=\/wp\/v2\/pages\/83\/revisions\/1727"}],"up":[{"embeddable":true,"href":"https:\/\/www.cdiluzdovegetal.com.br\/index.php?rest_route=\/wp\/v2\/pages\/58"}],"wp:attachment":[{"href":"https:\/\/www.cdiluzdovegetal.com.br\/index.php?rest_route=%2Fwp%2Fv2%2Fmedia&parent=83"}],"curies":[{"name":"wp","href":"https:\/\/api.w.org\/{rel}","templated":true}]}}